{"id":150,"date":"2024-08-27T06:46:23","date_gmt":"2024-08-27T06:46:23","guid":{"rendered":"https:\/\/icultur.gov.co\/Festijazzmompox2024\/?page_id=150"},"modified":"2024-09-07T20:36:15","modified_gmt":"2024-09-08T01:36:15","slug":"noticias","status":"publish","type":"page","link":"https:\/\/icultur.gov.co\/Festijazzmompox2024\/noticias\/","title":{"rendered":"Noticias"},"content":{"rendered":"\t\t<div data-elementor-type=\"wp-page\" data-elementor-id=\"150\" class=\"elementor elementor-150\" data-elementor-post-type=\"page\">\n\t\t\t\t\t\t<section class=\"elementor-section elementor-top-section elementor-element elementor-element-62ae4692 elementor-section-full_width elementor-section-height-min-height elementor-section-height-default elementor-section-items-middle\" data-id=\"62ae4692\" data-element_type=\"section\" data-settings=\"{&quot;background_background&quot;:&quot;classic&quot;,&quot;background_motion_fx_motion_fx_scrolling&quot;:&quot;yes&quot;,&quot;background_motion_fx_translateX_effect&quot;:&quot;yes&quot;,&quot;background_motion_fx_translateX_speed&quot;:{&quot;unit&quot;:&quot;px&quot;,&quot;size&quot;:4,&quot;sizes&quot;:[]},&quot;background_motion_fx_translateX_affectedRange&quot;:{&quot;unit&quot;:&quot;%&quot;,&quot;size&quot;:&quot;&quot;,&quot;sizes&quot;:{&quot;start&quot;:0,&quot;end&quot;:100}},&quot;background_motion_fx_devices&quot;:[&quot;desktop&quot;,&quot;tablet&quot;,&quot;mobile&quot;],&quot;_ha_eqh_enable&quot;:false}\">\n\t\t\t\t\t\t\t<div class=\"elementor-background-overlay\"><\/div>\n\t\t\t\t\t\t\t<div class=\"elementor-container elementor-column-gap-no\">\n\t\t\t\t\t<div class=\"elementor-column elementor-col-100 elementor-top-column elementor-element elementor-element-5e0da7f1\" data-id=\"5e0da7f1\" data-element_type=\"column\">\n\t\t\t<div class=\"elementor-widget-wrap elementor-element-populated\">\n\t\t\t\t\t\t<section class=\"elementor-section elementor-inner-section elementor-element elementor-element-3539bae3 elementor-section-boxed elementor-section-height-default elementor-section-height-default\" data-id=\"3539bae3\" data-element_type=\"section\" data-settings=\"{&quot;_ha_eqh_enable&quot;:false}\">\n\t\t\t\t\t\t<div class=\"elementor-container elementor-column-gap-default\">\n\t\t\t\t\t<div class=\"elementor-column elementor-col-100 elementor-inner-column elementor-element elementor-element-60ebf4b8\" data-id=\"60ebf4b8\" data-element_type=\"column\">\n\t\t\t<div class=\"elementor-widget-wrap elementor-element-populated\">\n\t\t\t\t\t\t<div class=\"elementor-element elementor-element-a483dc2 elementor-invisible elementor-widget elementor-widget-heading\" data-id=\"a483dc2\" data-element_type=\"widget\" data-settings=\"{&quot;_animation&quot;:&quot;fadeInLeft&quot;}\" data-widget_type=\"heading.default\">\n\t\t\t\t<div class=\"elementor-widget-container\">\n\t\t\t<h1 class=\"elementor-heading-title elementor-size-default\">Noticias<\/h1>\t\t<\/div>\n\t\t\t\t<\/div>\n\t\t\t\t\t<\/div>\n\t\t<\/div>\n\t\t\t\t\t<\/div>\n\t\t<\/section>\n\t\t\t\t\t<\/div>\n\t\t<\/div>\n\t\t\t\t\t<\/div>\n\t\t<\/section>\n\t\t\t\t<section class=\"elementor-section elementor-top-section elementor-element elementor-element-4ceaf05d elementor-section-full_width elementor-section-height-default elementor-section-height-default\" data-id=\"4ceaf05d\" data-element_type=\"section\" data-settings=\"{&quot;background_background&quot;:&quot;classic&quot;,&quot;_ha_eqh_enable&quot;:false}\">\n\t\t\t\t\t\t\t<div class=\"elementor-background-overlay\"><\/div>\n\t\t\t\t\t\t\t<div class=\"elementor-container elementor-column-gap-default\">\n\t\t\t\t\t<div class=\"elementor-column elementor-col-50 elementor-top-column elementor-element elementor-element-65973a9 elementor-hidden-tablet elementor-hidden-mobile elementor-invisible\" data-id=\"65973a9\" data-element_type=\"column\" data-settings=\"{&quot;background_background&quot;:&quot;classic&quot;,&quot;animation&quot;:&quot;fadeInLeft&quot;}\">\n\t\t\t<div class=\"elementor-widget-wrap\">\n\t\t\t\t\t\t\t<\/div>\n\t\t<\/div>\n\t\t\t\t<div class=\"elementor-column elementor-col-50 elementor-top-column elementor-element elementor-element-7e559c8a elementor-invisible\" data-id=\"7e559c8a\" data-element_type=\"column\" data-settings=\"{&quot;animation&quot;:&quot;fadeInRight&quot;}\">\n\t\t\t<div class=\"elementor-widget-wrap elementor-element-populated\">\n\t\t\t\t\t\t<div class=\"elementor-element elementor-element-c4a9c51 elementor-grid-1 elementor-posts--thumbnail-right elementor-posts--align-left elementor-hidden-tablet elementor-hidden-mobile elementor-grid-tablet-2 elementor-grid-mobile-1 elementor-widget elementor-widget-posts\" data-id=\"c4a9c51\" data-element_type=\"widget\" data-settings=\"{&quot;classic_columns&quot;:&quot;1&quot;,&quot;pagination_type&quot;:&quot;numbers&quot;,&quot;classic_columns_tablet&quot;:&quot;2&quot;,&quot;classic_columns_mobile&quot;:&quot;1&quot;,&quot;classic_row_gap&quot;:{&quot;unit&quot;:&quot;px&quot;,&quot;size&quot;:35,&quot;sizes&quot;:[]},&quot;classic_row_gap_tablet&quot;:{&quot;unit&quot;:&quot;px&quot;,&quot;size&quot;:&quot;&quot;,&quot;sizes&quot;:[]},&quot;classic_row_gap_mobile&quot;:{&quot;unit&quot;:&quot;px&quot;,&quot;size&quot;:&quot;&quot;,&quot;sizes&quot;:[]}}\" data-widget_type=\"posts.classic\">\n\t\t\t\t<div class=\"elementor-widget-container\">\n\t\t\t\t\t<div class=\"elementor-posts-container elementor-posts elementor-posts--skin-classic elementor-grid\">\n\t\t\t\t<article class=\"elementor-post elementor-grid-item post-1703 post type-post status-publish format-standard has-post-thumbnail hentry category-uncategorized\">\n\t\t\t\t<a class=\"elementor-post__thumbnail__link\" href=\"https:\/\/icultur.gov.co\/Festijazzmompox2024\/asi-fue-la-inauguracion-del-festival-de-jazz-de-mompox-2024\/\" tabindex=\"-1\" >\n\t\t\t<div class=\"elementor-post__thumbnail\"><img fetchpriority=\"high\" decoding=\"async\" width=\"300\" height=\"200\" src=\"https:\/\/icultur.gov.co\/Festijazzmompox2024\/wp-content\/uploads\/2024\/09\/libros-300x200.jpg\" class=\"attachment-medium size-medium wp-image-1722\" alt=\"\" srcset=\"https:\/\/icultur.gov.co\/Festijazzmompox2024\/wp-content\/uploads\/2024\/09\/libros-300x200.jpg 300w, https:\/\/icultur.gov.co\/Festijazzmompox2024\/wp-content\/uploads\/2024\/09\/libros-1024x683.jpg 1024w, https:\/\/icultur.gov.co\/Festijazzmompox2024\/wp-content\/uploads\/2024\/09\/libros-768x512.jpg 768w, https:\/\/icultur.gov.co\/Festijazzmompox2024\/wp-content\/uploads\/2024\/09\/libros.jpg 1200w\" sizes=\"(max-width: 300px) 100vw, 300px\" \/><\/div>\n\t\t<\/a>\n\t\t\t\t<div class=\"elementor-post__text\">\n\t\t\t\t<h3 class=\"elementor-post__title\">\n\t\t\t<a href=\"https:\/\/icultur.gov.co\/Festijazzmompox2024\/asi-fue-la-inauguracion-del-festival-de-jazz-de-mompox-2024\/\" >\n\t\t\t\tAs\u00ed fue la inauguraci\u00f3n del Festival de Jazz de Mompox 2024\t\t\t<\/a>\n\t\t<\/h3>\n\t\t\t\t<div class=\"elementor-post__meta-data\">\n\t\t\t\t\t<span class=\"elementor-post-date\">\n\t\t\tseptiembre 12, 2024\t\t<\/span>\n\t\t\t\t<span class=\"elementor-post-avatar\">\n\t\t\tNo hay comentarios\t\t<\/span>\n\t\t\t\t<\/div>\n\t\t\t\t<div class=\"elementor-post__excerpt\">\n\t\t\t<p>En medio de una rica oferta cultural, a orillas del Magdalena, se inici\u00f3 el Festijazz en su d\u00e9cima edici\u00f3n. Conoce los detalles. El Festival de Jazz de Mompox, uno de los eventos m\u00e1s importantes del Caribe colombiano, ha dado inicio oficialmente a su d\u00e9cima edici\u00f3n, un evento que promete seguir consolid\u00e1ndose como uno de los m\u00e1s importantes del pa\u00eds.\u00a0 El<\/p>\n\t\t<\/div>\n\t\t\n\t\t<a class=\"elementor-post__read-more\" href=\"https:\/\/icultur.gov.co\/Festijazzmompox2024\/asi-fue-la-inauguracion-del-festival-de-jazz-de-mompox-2024\/\" aria-label=\"Read more about As\u00ed fue la inauguraci\u00f3n del Festival de Jazz de Mompox 2024\" tabindex=\"-1\" >\n\t\t\tLeer noticia \u00bb\t\t<\/a>\n\n\t\t\t\t<\/div>\n\t\t\t\t<\/article>\n\t\t\t\t<article class=\"elementor-post elementor-grid-item post-286 post type-post status-publish format-standard has-post-thumbnail hentry category-uncategorized\">\n\t\t\t\t<a class=\"elementor-post__thumbnail__link\" href=\"https:\/\/icultur.gov.co\/Festijazzmompox2024\/sabores-unicos-la-ruta-gastronomica-del-festival-de-verano-2024\/\" tabindex=\"-1\" >\n\t\t\t<div class=\"elementor-post__thumbnail\"><img decoding=\"async\" width=\"300\" height=\"200\" src=\"https:\/\/icultur.gov.co\/Festijazzmompox2024\/wp-content\/uploads\/2024\/09\/MOMPOX-45-300x200.jpg\" class=\"attachment-medium size-medium wp-image-509\" alt=\"\" srcset=\"https:\/\/icultur.gov.co\/Festijazzmompox2024\/wp-content\/uploads\/2024\/09\/MOMPOX-45-300x200.jpg 300w, https:\/\/icultur.gov.co\/Festijazzmompox2024\/wp-content\/uploads\/2024\/09\/MOMPOX-45-1024x682.jpg 1024w, https:\/\/icultur.gov.co\/Festijazzmompox2024\/wp-content\/uploads\/2024\/09\/MOMPOX-45-768x512.jpg 768w, https:\/\/icultur.gov.co\/Festijazzmompox2024\/wp-content\/uploads\/2024\/09\/MOMPOX-45-1536x1023.jpg 1536w, https:\/\/icultur.gov.co\/Festijazzmompox2024\/wp-content\/uploads\/2024\/09\/MOMPOX-45.jpg 1600w\" sizes=\"(max-width: 300px) 100vw, 300px\" \/><\/div>\n\t\t<\/a>\n\t\t\t\t<div class=\"elementor-post__text\">\n\t\t\t\t<h3 class=\"elementor-post__title\">\n\t\t\t<a href=\"https:\/\/icultur.gov.co\/Festijazzmompox2024\/sabores-unicos-la-ruta-gastronomica-del-festival-de-verano-2024\/\" >\n\t\t\t\tFestijazz 2024 | Un tributo a la m\u00fasica, la cultura y la historia en Santa Cruz de Mompox\t\t\t<\/a>\n\t\t<\/h3>\n\t\t\t\t<div class=\"elementor-post__meta-data\">\n\t\t\t\t\t<span class=\"elementor-post-date\">\n\t\t\tagosto 27, 2024\t\t<\/span>\n\t\t\t\t<span class=\"elementor-post-avatar\">\n\t\t\tNo hay comentarios\t\t<\/span>\n\t\t\t\t<\/div>\n\t\t\t\t<div class=\"elementor-post__excerpt\">\n\t\t\t<p>Con la majestuosidad de la colonial Santa Cruz de Mompox como tel\u00f3n de fondo, el esperado Festival de Jazz de Mompox celebra su d\u00e9cima edici\u00f3n del 10 al 14 de septiembre de 2024. Este evento, que ha capturado la imaginaci\u00f3n y el coraz\u00f3n de los colombianos, se consolida como un punto de encuentro entre la rica tradici\u00f3n musical y el<\/p>\n\t\t<\/div>\n\t\t\n\t\t<a class=\"elementor-post__read-more\" href=\"https:\/\/icultur.gov.co\/Festijazzmompox2024\/sabores-unicos-la-ruta-gastronomica-del-festival-de-verano-2024\/\" aria-label=\"Read more about Festijazz 2024 | Un tributo a la m\u00fasica, la cultura y la historia en Santa Cruz de Mompox\" tabindex=\"-1\" >\n\t\t\tLeer noticia \u00bb\t\t<\/a>\n\n\t\t\t\t<\/div>\n\t\t\t\t<\/article>\n\t\t\t\t<article class=\"elementor-post elementor-grid-item post-175 post type-post status-publish format-standard has-post-thumbnail hentry category-uncategorized\">\n\t\t\t\t<a class=\"elementor-post__thumbnail__link\" href=\"https:\/\/icultur.gov.co\/Festijazzmompox2024\/diversion-para-todos-actividades-familiares-en-el-festival-de-verano-2024\/\" tabindex=\"-1\" >\n\t\t\t<div class=\"elementor-post__thumbnail\"><img decoding=\"async\" width=\"300\" height=\"225\" src=\"https:\/\/icultur.gov.co\/Festijazzmompox2024\/wp-content\/uploads\/2024\/08\/carlosvives-300x225.jpg\" class=\"attachment-medium size-medium wp-image-540\" alt=\"\" srcset=\"https:\/\/icultur.gov.co\/Festijazzmompox2024\/wp-content\/uploads\/2024\/08\/carlosvives-300x225.jpg 300w, https:\/\/icultur.gov.co\/Festijazzmompox2024\/wp-content\/uploads\/2024\/08\/carlosvives.jpg 650w\" sizes=\"(max-width: 300px) 100vw, 300px\" \/><\/div>\n\t\t<\/a>\n\t\t\t\t<div class=\"elementor-post__text\">\n\t\t\t\t<h3 class=\"elementor-post__title\">\n\t\t\t<a href=\"https:\/\/icultur.gov.co\/Festijazzmompox2024\/diversion-para-todos-actividades-familiares-en-el-festival-de-verano-2024\/\" >\n\t\t\t\tCarlos Vives estar\u00e1 en el Festival de Jazz de Mompox 2024\t\t\t<\/a>\n\t\t<\/h3>\n\t\t\t\t<div class=\"elementor-post__meta-data\">\n\t\t\t\t\t<span class=\"elementor-post-date\">\n\t\t\tagosto 27, 2024\t\t<\/span>\n\t\t\t\t<span class=\"elementor-post-avatar\">\n\t\t\tNo hay comentarios\t\t<\/span>\n\t\t\t\t<\/div>\n\t\t\t\t<div class=\"elementor-post__excerpt\">\n\t\t\t<p>Este a\u00f1o, el festival se llevar\u00e1 a cabo del 10 al 14 de septiembre gracias al compromiso y esfuerzo de la Gobernaci\u00f3n de Bol\u00edvar, el Instituto de Cultura y Turismo de Bol\u00edvar, y la Alcald\u00eda de Mompox, que han trabajado arduamente para hacer realidad una edici\u00f3n m\u00e1s del\u00a0Festival de Jazz de Mompox, fortaleciendo el papel de la cultura como motor<\/p>\n\t\t<\/div>\n\t\t\n\t\t<a class=\"elementor-post__read-more\" href=\"https:\/\/icultur.gov.co\/Festijazzmompox2024\/diversion-para-todos-actividades-familiares-en-el-festival-de-verano-2024\/\" aria-label=\"Read more about Carlos Vives estar\u00e1 en el Festival de Jazz de Mompox 2024\" tabindex=\"-1\" >\n\t\t\tLeer noticia \u00bb\t\t<\/a>\n\n\t\t\t\t<\/div>\n\t\t\t\t<\/article>\n\t\t\t\t<\/div>\n\t\t\n\t\t\t\t<div class=\"e-load-more-anchor\" data-page=\"1\" data-max-page=\"2\" data-next-page=\"https:\/\/icultur.gov.co\/Festijazzmompox2024\/wp-json\/wp\/v2\/pages\/150\/page\/2\/\"><\/div>\n\t\t\t\t<nav class=\"elementor-pagination\" aria-label=\"Pagination\">\n\t\t\t<span aria-current=\"page\" class=\"page-numbers current\"><span class=\"elementor-screen-only\">Page<\/span>1<\/span>\n<a class=\"page-numbers\" href=\"https:\/\/icultur.gov.co\/Festijazzmompox2024\/wp-json\/wp\/v2\/pages\/150\/page\/2\/\"><span class=\"elementor-screen-only\">Page<\/span>2<\/a>\t\t<\/nav>\n\t\t\t\t<\/div>\n\t\t\t\t<\/div>\n\t\t\t\t<div class=\"elementor-element elementor-element-eecb7db elementor-grid-1 elementor-posts--align-left elementor-hidden-desktop elementor-grid-tablet-2 elementor-grid-mobile-1 elementor-posts--thumbnail-top elementor-widget elementor-widget-posts\" data-id=\"eecb7db\" data-element_type=\"widget\" data-settings=\"{&quot;classic_columns&quot;:&quot;1&quot;,&quot;pagination_type&quot;:&quot;numbers&quot;,&quot;classic_columns_tablet&quot;:&quot;2&quot;,&quot;classic_columns_mobile&quot;:&quot;1&quot;,&quot;classic_row_gap&quot;:{&quot;unit&quot;:&quot;px&quot;,&quot;size&quot;:35,&quot;sizes&quot;:[]},&quot;classic_row_gap_tablet&quot;:{&quot;unit&quot;:&quot;px&quot;,&quot;size&quot;:&quot;&quot;,&quot;sizes&quot;:[]},&quot;classic_row_gap_mobile&quot;:{&quot;unit&quot;:&quot;px&quot;,&quot;size&quot;:&quot;&quot;,&quot;sizes&quot;:[]}}\" data-widget_type=\"posts.classic\">\n\t\t\t\t<div class=\"elementor-widget-container\">\n\t\t\t\t\t<div class=\"elementor-posts-container elementor-posts elementor-posts--skin-classic elementor-grid\">\n\t\t\t\t<article class=\"elementor-post elementor-grid-item post-1703 post type-post status-publish format-standard has-post-thumbnail hentry category-uncategorized\">\n\t\t\t\t<a class=\"elementor-post__thumbnail__link\" href=\"https:\/\/icultur.gov.co\/Festijazzmompox2024\/asi-fue-la-inauguracion-del-festival-de-jazz-de-mompox-2024\/\" tabindex=\"-1\" >\n\t\t\t<div class=\"elementor-post__thumbnail\"><img fetchpriority=\"high\" decoding=\"async\" width=\"300\" height=\"200\" src=\"https:\/\/icultur.gov.co\/Festijazzmompox2024\/wp-content\/uploads\/2024\/09\/libros-300x200.jpg\" class=\"attachment-medium size-medium wp-image-1722\" alt=\"\" srcset=\"https:\/\/icultur.gov.co\/Festijazzmompox2024\/wp-content\/uploads\/2024\/09\/libros-300x200.jpg 300w, https:\/\/icultur.gov.co\/Festijazzmompox2024\/wp-content\/uploads\/2024\/09\/libros-1024x683.jpg 1024w, https:\/\/icultur.gov.co\/Festijazzmompox2024\/wp-content\/uploads\/2024\/09\/libros-768x512.jpg 768w, https:\/\/icultur.gov.co\/Festijazzmompox2024\/wp-content\/uploads\/2024\/09\/libros.jpg 1200w\" sizes=\"(max-width: 300px) 100vw, 300px\" \/><\/div>\n\t\t<\/a>\n\t\t\t\t<div class=\"elementor-post__text\">\n\t\t\t\t<h3 class=\"elementor-post__title\">\n\t\t\t<a href=\"https:\/\/icultur.gov.co\/Festijazzmompox2024\/asi-fue-la-inauguracion-del-festival-de-jazz-de-mompox-2024\/\" >\n\t\t\t\tAs\u00ed fue la inauguraci\u00f3n del Festival de Jazz de Mompox 2024\t\t\t<\/a>\n\t\t<\/h3>\n\t\t\t\t<div class=\"elementor-post__meta-data\">\n\t\t\t\t\t<span class=\"elementor-post-date\">\n\t\t\tseptiembre 12, 2024\t\t<\/span>\n\t\t\t\t<span class=\"elementor-post-avatar\">\n\t\t\tNo hay comentarios\t\t<\/span>\n\t\t\t\t<\/div>\n\t\t\t\t<div class=\"elementor-post__excerpt\">\n\t\t\t<p>En medio de una rica oferta cultural, a orillas del Magdalena, se inici\u00f3 el Festijazz en su d\u00e9cima edici\u00f3n. Conoce los detalles. El Festival de Jazz de Mompox, uno de<\/p>\n\t\t<\/div>\n\t\t\n\t\t<a class=\"elementor-post__read-more\" href=\"https:\/\/icultur.gov.co\/Festijazzmompox2024\/asi-fue-la-inauguracion-del-festival-de-jazz-de-mompox-2024\/\" aria-label=\"Read more about As\u00ed fue la inauguraci\u00f3n del Festival de Jazz de Mompox 2024\" tabindex=\"-1\" >\n\t\t\tLeer noticia \u00bb\t\t<\/a>\n\n\t\t\t\t<\/div>\n\t\t\t\t<\/article>\n\t\t\t\t<article class=\"elementor-post elementor-grid-item post-286 post type-post status-publish format-standard has-post-thumbnail hentry category-uncategorized\">\n\t\t\t\t<a class=\"elementor-post__thumbnail__link\" href=\"https:\/\/icultur.gov.co\/Festijazzmompox2024\/sabores-unicos-la-ruta-gastronomica-del-festival-de-verano-2024\/\" tabindex=\"-1\" >\n\t\t\t<div class=\"elementor-post__thumbnail\"><img decoding=\"async\" width=\"300\" height=\"200\" src=\"https:\/\/icultur.gov.co\/Festijazzmompox2024\/wp-content\/uploads\/2024\/09\/MOMPOX-45-300x200.jpg\" class=\"attachment-medium size-medium wp-image-509\" alt=\"\" srcset=\"https:\/\/icultur.gov.co\/Festijazzmompox2024\/wp-content\/uploads\/2024\/09\/MOMPOX-45-300x200.jpg 300w, https:\/\/icultur.gov.co\/Festijazzmompox2024\/wp-content\/uploads\/2024\/09\/MOMPOX-45-1024x682.jpg 1024w, https:\/\/icultur.gov.co\/Festijazzmompox2024\/wp-content\/uploads\/2024\/09\/MOMPOX-45-768x512.jpg 768w, https:\/\/icultur.gov.co\/Festijazzmompox2024\/wp-content\/uploads\/2024\/09\/MOMPOX-45-1536x1023.jpg 1536w, https:\/\/icultur.gov.co\/Festijazzmompox2024\/wp-content\/uploads\/2024\/09\/MOMPOX-45.jpg 1600w\" sizes=\"(max-width: 300px) 100vw, 300px\" \/><\/div>\n\t\t<\/a>\n\t\t\t\t<div class=\"elementor-post__text\">\n\t\t\t\t<h3 class=\"elementor-post__title\">\n\t\t\t<a href=\"https:\/\/icultur.gov.co\/Festijazzmompox2024\/sabores-unicos-la-ruta-gastronomica-del-festival-de-verano-2024\/\" >\n\t\t\t\tFestijazz 2024 | Un tributo a la m\u00fasica, la cultura y la historia en Santa Cruz de Mompox\t\t\t<\/a>\n\t\t<\/h3>\n\t\t\t\t<div class=\"elementor-post__meta-data\">\n\t\t\t\t\t<span class=\"elementor-post-date\">\n\t\t\tagosto 27, 2024\t\t<\/span>\n\t\t\t\t<span class=\"elementor-post-avatar\">\n\t\t\tNo hay comentarios\t\t<\/span>\n\t\t\t\t<\/div>\n\t\t\t\t<div class=\"elementor-post__excerpt\">\n\t\t\t<p>Con la majestuosidad de la colonial Santa Cruz de Mompox como tel\u00f3n de fondo, el esperado Festival de Jazz de Mompox celebra su d\u00e9cima edici\u00f3n del 10 al 14 de<\/p>\n\t\t<\/div>\n\t\t\n\t\t<a class=\"elementor-post__read-more\" href=\"https:\/\/icultur.gov.co\/Festijazzmompox2024\/sabores-unicos-la-ruta-gastronomica-del-festival-de-verano-2024\/\" aria-label=\"Read more about Festijazz 2024 | Un tributo a la m\u00fasica, la cultura y la historia en Santa Cruz de Mompox\" tabindex=\"-1\" >\n\t\t\tLeer noticia \u00bb\t\t<\/a>\n\n\t\t\t\t<\/div>\n\t\t\t\t<\/article>\n\t\t\t\t<article class=\"elementor-post elementor-grid-item post-175 post type-post status-publish format-standard has-post-thumbnail hentry category-uncategorized\">\n\t\t\t\t<a class=\"elementor-post__thumbnail__link\" href=\"https:\/\/icultur.gov.co\/Festijazzmompox2024\/diversion-para-todos-actividades-familiares-en-el-festival-de-verano-2024\/\" tabindex=\"-1\" >\n\t\t\t<div class=\"elementor-post__thumbnail\"><img decoding=\"async\" width=\"300\" height=\"225\" src=\"https:\/\/icultur.gov.co\/Festijazzmompox2024\/wp-content\/uploads\/2024\/08\/carlosvives-300x225.jpg\" class=\"attachment-medium size-medium wp-image-540\" alt=\"\" srcset=\"https:\/\/icultur.gov.co\/Festijazzmompox2024\/wp-content\/uploads\/2024\/08\/carlosvives-300x225.jpg 300w, https:\/\/icultur.gov.co\/Festijazzmompox2024\/wp-content\/uploads\/2024\/08\/carlosvives.jpg 650w\" sizes=\"(max-width: 300px) 100vw, 300px\" \/><\/div>\n\t\t<\/a>\n\t\t\t\t<div class=\"elementor-post__text\">\n\t\t\t\t<h3 class=\"elementor-post__title\">\n\t\t\t<a href=\"https:\/\/icultur.gov.co\/Festijazzmompox2024\/diversion-para-todos-actividades-familiares-en-el-festival-de-verano-2024\/\" >\n\t\t\t\tCarlos Vives estar\u00e1 en el Festival de Jazz de Mompox 2024\t\t\t<\/a>\n\t\t<\/h3>\n\t\t\t\t<div class=\"elementor-post__meta-data\">\n\t\t\t\t\t<span class=\"elementor-post-date\">\n\t\t\tagosto 27, 2024\t\t<\/span>\n\t\t\t\t<span class=\"elementor-post-avatar\">\n\t\t\tNo hay comentarios\t\t<\/span>\n\t\t\t\t<\/div>\n\t\t\t\t<div class=\"elementor-post__excerpt\">\n\t\t\t<p>Este a\u00f1o, el festival se llevar\u00e1 a cabo del 10 al 14 de septiembre gracias al compromiso y esfuerzo de la Gobernaci\u00f3n de Bol\u00edvar, el Instituto de Cultura y Turismo<\/p>\n\t\t<\/div>\n\t\t\n\t\t<a class=\"elementor-post__read-more\" href=\"https:\/\/icultur.gov.co\/Festijazzmompox2024\/diversion-para-todos-actividades-familiares-en-el-festival-de-verano-2024\/\" aria-label=\"Read more about Carlos Vives estar\u00e1 en el Festival de Jazz de Mompox 2024\" tabindex=\"-1\" >\n\t\t\tLeer noticia \u00bb\t\t<\/a>\n\n\t\t\t\t<\/div>\n\t\t\t\t<\/article>\n\t\t\t\t<\/div>\n\t\t\n\t\t\t\t<div class=\"e-load-more-anchor\" data-page=\"1\" data-max-page=\"2\" data-next-page=\"https:\/\/icultur.gov.co\/Festijazzmompox2024\/wp-json\/wp\/v2\/pages\/150\/page\/2\/\"><\/div>\n\t\t\t\t<nav class=\"elementor-pagination\" aria-label=\"Pagination\">\n\t\t\t<span aria-current=\"page\" class=\"page-numbers current\"><span class=\"elementor-screen-only\">Page<\/span>1<\/span>\n<a class=\"page-numbers\" href=\"https:\/\/icultur.gov.co\/Festijazzmompox2024\/wp-json\/wp\/v2\/pages\/150\/page\/2\/\"><span class=\"elementor-screen-only\">Page<\/span>2<\/a>\t\t<\/nav>\n\t\t\t\t<\/div>\n\t\t\t\t<\/div>\n\t\t\t\t\t<\/div>\n\t\t<\/div>\n\t\t\t\t\t<\/div>\n\t\t<\/section>\n\t\t\t\t<section class=\"elementor-section elementor-top-section elementor-element elementor-element-9a81a80 elementor-section-boxed elementor-section-height-default elementor-section-height-default elementor-invisible\" data-id=\"9a81a80\" data-element_type=\"section\" data-settings=\"{&quot;background_background&quot;:&quot;classic&quot;,&quot;animation&quot;:&quot;bounceIn&quot;,&quot;_ha_eqh_enable&quot;:false}\">\n\t\t\t\t\t\t<div class=\"elementor-container elementor-column-gap-default\">\n\t\t\t\t\t<div class=\"elementor-column elementor-col-100 elementor-top-column elementor-element elementor-element-1af62be\" data-id=\"1af62be\" data-element_type=\"column\">\n\t\t\t<div class=\"elementor-widget-wrap elementor-element-populated\">\n\t\t\t\t\t\t<div class=\"elementor-element elementor-element-7c0c191 elementor-widget elementor-widget-gs-logo-slider\" data-id=\"7c0c191\" data-element_type=\"widget\" data-widget_type=\"gs-logo-slider.default\">\n\t\t\t\t<div class=\"elementor-widget-container\">\n\t\t\t\t\n\t\t<div id=\"gs_logo_area_2\" class=\"gs_logo_area gs_logo_area_2 slider1\" style=\"opacity: 0; visibility: hidden;\">\n\t\t\t<div class=\"gs_logo_area--inner\">\n\t\n\t\t\t\t\n<div class=\"gs_logo_container gs_carousel_swiper gs_logo_fix_height_and_center\" data-carousel-config='{\"direction\":\"horizontal\",\"speed\":500,\"isAutoplay\":true,\"autoplayDelay\":2000,\"loop\":true,\"pauseOnHover\":true,\"ticker\":false,\"navs\":true,\"navs_pos\":\"bottom\",\"dots\":false,\"dynamic_dots\":true,\"slideSpace\":10,\"slidesPerGroup\":1,\"desktopLogos\":4,\"tabletLogos\":3,\"mobileLogos\":2,\"reverseDirection\":false}'>\n\n\t\n\t\t\n\t\t\t<div class=\"gs_logo_single--wrapper\">\n\t\t\t\t<div class=\"gs_logo_single\">\n\n\t\t\t\t\t<!-- Logo Img -->\n\t\t\t\t\t<img loading=\"lazy\" decoding=\"async\" width=\"700\" height=\"239\" src=\"https:\/\/icultur.gov.co\/Festijazzmompox2024\/wp-content\/uploads\/2024\/09\/Patrocinador-8.png\" class=\"default  gs-logo--img wp-post-image\" alt=\"\" title=\"P8\" srcset=\"https:\/\/icultur.gov.co\/Festijazzmompox2024\/wp-content\/uploads\/2024\/09\/Patrocinador-8.png 820w, https:\/\/icultur.gov.co\/Festijazzmompox2024\/wp-content\/uploads\/2024\/09\/Patrocinador-8-300x102.png 300w, https:\/\/icultur.gov.co\/Festijazzmompox2024\/wp-content\/uploads\/2024\/09\/Patrocinador-8-768x262.png 768w\" sizes=\"(max-width: 700px) 100vw, 700px\" \/>\n\t\t\t\t\t<!-- Logo Title -->\n\t\t\t\t\t\t\t\t\t\t\n\t\t\t\t\t<!-- Logo Category -->\n\t\t\t\t\t\t\t\t\t\t\n\t\t\t\t<\/div>\n\t\t\t<\/div>\n\n\t\t\n\t\t\t<div class=\"gs_logo_single--wrapper\">\n\t\t\t\t<div class=\"gs_logo_single\">\n\n\t\t\t\t\t<!-- Logo Img -->\n\t\t\t\t\t<img loading=\"lazy\" decoding=\"async\" width=\"700\" height=\"239\" src=\"https:\/\/icultur.gov.co\/Festijazzmompox2024\/wp-content\/uploads\/2024\/09\/Patrocinador-7.png\" class=\"default  gs-logo--img wp-post-image\" alt=\"\" title=\"P7\" srcset=\"https:\/\/icultur.gov.co\/Festijazzmompox2024\/wp-content\/uploads\/2024\/09\/Patrocinador-7.png 820w, https:\/\/icultur.gov.co\/Festijazzmompox2024\/wp-content\/uploads\/2024\/09\/Patrocinador-7-300x102.png 300w, https:\/\/icultur.gov.co\/Festijazzmompox2024\/wp-content\/uploads\/2024\/09\/Patrocinador-7-768x262.png 768w\" sizes=\"(max-width: 700px) 100vw, 700px\" \/>\n\t\t\t\t\t<!-- Logo Title -->\n\t\t\t\t\t\t\t\t\t\t\n\t\t\t\t\t<!-- Logo Category -->\n\t\t\t\t\t\t\t\t\t\t\n\t\t\t\t<\/div>\n\t\t\t<\/div>\n\n\t\t\n\t\t\t<div class=\"gs_logo_single--wrapper\">\n\t\t\t\t<div class=\"gs_logo_single\">\n\n\t\t\t\t\t<!-- Logo Img -->\n\t\t\t\t\t<img loading=\"lazy\" decoding=\"async\" width=\"700\" height=\"239\" src=\"https:\/\/icultur.gov.co\/Festijazzmompox2024\/wp-content\/uploads\/2024\/09\/Patrocinador-5.png\" class=\"default  gs-logo--img wp-post-image\" alt=\"\" title=\"P6\" srcset=\"https:\/\/icultur.gov.co\/Festijazzmompox2024\/wp-content\/uploads\/2024\/09\/Patrocinador-5.png 820w, https:\/\/icultur.gov.co\/Festijazzmompox2024\/wp-content\/uploads\/2024\/09\/Patrocinador-5-300x102.png 300w, https:\/\/icultur.gov.co\/Festijazzmompox2024\/wp-content\/uploads\/2024\/09\/Patrocinador-5-768x262.png 768w\" sizes=\"(max-width: 700px) 100vw, 700px\" \/>\n\t\t\t\t\t<!-- Logo Title -->\n\t\t\t\t\t\t\t\t\t\t\n\t\t\t\t\t<!-- Logo Category -->\n\t\t\t\t\t\t\t\t\t\t\n\t\t\t\t<\/div>\n\t\t\t<\/div>\n\n\t\t\n\t\t\t<div class=\"gs_logo_single--wrapper\">\n\t\t\t\t<div class=\"gs_logo_single\">\n\n\t\t\t\t\t<!-- Logo Img -->\n\t\t\t\t\t<img loading=\"lazy\" decoding=\"async\" width=\"700\" height=\"239\" src=\"https:\/\/icultur.gov.co\/Festijazzmompox2024\/wp-content\/uploads\/2024\/09\/Patrocinador-3.png\" class=\"default  gs-logo--img wp-post-image\" alt=\"\" title=\"P4\" srcset=\"https:\/\/icultur.gov.co\/Festijazzmompox2024\/wp-content\/uploads\/2024\/09\/Patrocinador-3.png 820w, https:\/\/icultur.gov.co\/Festijazzmompox2024\/wp-content\/uploads\/2024\/09\/Patrocinador-3-300x102.png 300w, https:\/\/icultur.gov.co\/Festijazzmompox2024\/wp-content\/uploads\/2024\/09\/Patrocinador-3-768x262.png 768w\" sizes=\"(max-width: 700px) 100vw, 700px\" \/>\n\t\t\t\t\t<!-- Logo Title -->\n\t\t\t\t\t\t\t\t\t\t\n\t\t\t\t\t<!-- Logo Category -->\n\t\t\t\t\t\t\t\t\t\t\n\t\t\t\t<\/div>\n\t\t\t<\/div>\n\n\t\t\n\t\t\t<div class=\"gs_logo_single--wrapper\">\n\t\t\t\t<div class=\"gs_logo_single\">\n\n\t\t\t\t\t<!-- Logo Img -->\n\t\t\t\t\t<img loading=\"lazy\" decoding=\"async\" width=\"700\" height=\"239\" src=\"https:\/\/icultur.gov.co\/Festijazzmompox2024\/wp-content\/uploads\/2024\/09\/Patrocinador-2.png\" class=\"default  gs-logo--img wp-post-image\" alt=\"\" title=\"P3\" srcset=\"https:\/\/icultur.gov.co\/Festijazzmompox2024\/wp-content\/uploads\/2024\/09\/Patrocinador-2.png 820w, https:\/\/icultur.gov.co\/Festijazzmompox2024\/wp-content\/uploads\/2024\/09\/Patrocinador-2-300x102.png 300w, https:\/\/icultur.gov.co\/Festijazzmompox2024\/wp-content\/uploads\/2024\/09\/Patrocinador-2-768x262.png 768w\" sizes=\"(max-width: 700px) 100vw, 700px\" \/>\n\t\t\t\t\t<!-- Logo Title -->\n\t\t\t\t\t\t\t\t\t\t\n\t\t\t\t\t<!-- Logo Category -->\n\t\t\t\t\t\t\t\t\t\t\n\t\t\t\t<\/div>\n\t\t\t<\/div>\n\n\t\t\n\t\t\t<div class=\"gs_logo_single--wrapper\">\n\t\t\t\t<div class=\"gs_logo_single\">\n\n\t\t\t\t\t<!-- Logo Img -->\n\t\t\t\t\t<img loading=\"lazy\" decoding=\"async\" width=\"700\" height=\"239\" src=\"https:\/\/icultur.gov.co\/Festijazzmompox2024\/wp-content\/uploads\/2024\/09\/Patrocinador-6.png\" class=\"default  gs-logo--img wp-post-image\" alt=\"\" title=\"P2\" srcset=\"https:\/\/icultur.gov.co\/Festijazzmompox2024\/wp-content\/uploads\/2024\/09\/Patrocinador-6.png 820w, https:\/\/icultur.gov.co\/Festijazzmompox2024\/wp-content\/uploads\/2024\/09\/Patrocinador-6-300x102.png 300w, https:\/\/icultur.gov.co\/Festijazzmompox2024\/wp-content\/uploads\/2024\/09\/Patrocinador-6-768x262.png 768w\" sizes=\"(max-width: 700px) 100vw, 700px\" \/>\n\t\t\t\t\t<!-- Logo Title -->\n\t\t\t\t\t\t\t\t\t\t\n\t\t\t\t\t<!-- Logo Category -->\n\t\t\t\t\t\t\t\t\t\t\n\t\t\t\t<\/div>\n\t\t\t<\/div>\n\n\t\t\n\t\t\t<div class=\"gs_logo_single--wrapper\">\n\t\t\t\t<div class=\"gs_logo_single\">\n\n\t\t\t\t\t<!-- Logo Img -->\n\t\t\t\t\t<img loading=\"lazy\" decoding=\"async\" width=\"700\" height=\"239\" src=\"https:\/\/icultur.gov.co\/Festijazzmompox2024\/wp-content\/uploads\/2024\/09\/Patrocinador-1.png\" class=\"default  gs-logo--img wp-post-image\" alt=\"\" title=\"P1\" srcset=\"https:\/\/icultur.gov.co\/Festijazzmompox2024\/wp-content\/uploads\/2024\/09\/Patrocinador-1.png 820w, https:\/\/icultur.gov.co\/Festijazzmompox2024\/wp-content\/uploads\/2024\/09\/Patrocinador-1-300x102.png 300w, https:\/\/icultur.gov.co\/Festijazzmompox2024\/wp-content\/uploads\/2024\/09\/Patrocinador-1-768x262.png 768w\" sizes=\"(max-width: 700px) 100vw, 700px\" \/>\n\t\t\t\t\t<!-- Logo Title -->\n\t\t\t\t\t\t\t\t\t\t\n\t\t\t\t\t<!-- Logo Category -->\n\t\t\t\t\t\t\t\t\t\t\n\t\t\t\t<\/div>\n\t\t\t<\/div>\n\n\t\t\t\t\n\t\n<\/div>\t\t\t<\/div>\n\t\t<\/div>\n\t\n\t\t<style>#gs_logo_area_2:not(.verticaltickerdown):not(.verticalticker) .gs_logo_container{margin-left:-5px}#gs_logo_area_2:not(.verticaltickerdown):not(.verticalticker) .gs_logo_container{margin-right:-5px}#gs_logo_area_2:not(.verticaltickerdown):not(.verticalticker) .gs_logo_single--wrapper{padding:5px}#gs_logo_area_2 ul.gs-logo-filter-cats{text-align:center!important}#gs_logo_area_2 .gs_logo_single--wrapper{width:25%}@media (max-width:1023px){#gs_logo_area_2 .gs_logo_single--wrapper{width:33.333333333333%}}@media (max-width:767px){#gs_logo_area_2 .gs_logo_single--wrapper{width:50%}}<\/style>\t\t<\/div>\n\t\t\t\t<\/div>\n\t\t\t\t\t<\/div>\n\t\t<\/div>\n\t\t\t\t\t<\/div>\n\t\t<\/section>\n\t\t\t\t<\/div>\n\t\t","protected":false},"excerpt":{"rendered":"<p>Noticias<\/p>\n","protected":false},"author":1,"featured_media":0,"parent":0,"menu_order":0,"comment_status":"closed","ping_status":"closed","template":"","meta":{"om_disable_all_campaigns":false,"_monsterinsights_skip_tracking":false,"_monsterinsights_sitenote_active":false,"_monsterinsights_sitenote_note":"","_monsterinsights_sitenote_category":0,"site-sidebar-layout":"default","site-content-layout":"","ast-site-content-layout":"","site-content-style":"default","site-sidebar-style":"default","ast-global-header-display":"","ast-banner-title-visibility":"","ast-main-header-display":"","ast-hfb-above-header-display":"","ast-hfb-below-header-display":"","ast-hfb-mobile-header-display":"","site-post-title":"","ast-breadcrumbs-content":"","ast-featured-img":"","footer-sml-layout":"","theme-transparent-header-meta":"","adv-header-id-meta":"","stick-header-meta":"","header-above-stick-meta":"","header-main-stick-meta":"","header-below-stick-meta":"","astra-migrate-meta-layouts":"default","ast-page-background-enabled":"default","ast-page-background-meta":{"desktop":{"background-color":"var(--ast-global-color-4)","background-image":"","background-repeat":"repeat","background-position":"center center","background-size":"auto","background-attachment":"scroll","background-type":"","background-media":"","overlay-type":"","overlay-color":"","overlay-opacity":"","overlay-gradient":""},"tablet":{"background-color":"","background-image":"","background-repeat":"repeat","background-position":"center center","background-size":"auto","background-attachment":"scroll","background-type":"","background-media":"","overlay-type":"","overlay-color":"","overlay-opacity":"","overlay-gradient":""},"mobile":{"background-color":"","background-image":"","background-repeat":"repeat","background-position":"center center","background-size":"auto","background-attachment":"scroll","background-type":"","background-media":"","overlay-type":"","overlay-color":"","overlay-opacity":"","overlay-gradient":""}},"ast-content-background-meta":{"desktop":{"background-color":"var(--ast-global-color-5)","background-image":"","background-repeat":"repeat","background-position":"center center","background-size":"auto","background-attachment":"scroll","background-type":"","background-media":"","overlay-type":"","overlay-color":"","overlay-opacity":"","overlay-gradient":""},"tablet":{"background-color":"var(--ast-global-color-5)","background-image":"","background-repeat":"repeat","background-position":"center center","background-size":"auto","background-attachment":"scroll","background-type":"","background-media":"","overlay-type":"","overlay-color":"","overlay-opacity":"","overlay-gradient":""},"mobile":{"background-color":"var(--ast-global-color-5)","background-image":"","background-repeat":"repeat","background-position":"center center","background-size":"auto","background-attachment":"scroll","background-type":"","background-media":"","overlay-type":"","overlay-color":"","overlay-opacity":"","overlay-gradient":""}},"footnotes":""},"class_list":["post-150","page","type-page","status-publish","hentry"],"yoast_head":"<!-- This site is optimized with the Yoast SEO plugin v23.6 - https:\/\/yoast.com\/wordpress\/plugins\/seo\/ -->\n<title>Noticias - Festijazz mompox<\/title>\n<meta name=\"robots\" content=\"index, follow, max-snippet:-1, max-image-preview:large, max-video-preview:-1\" \/>\n<link rel=\"canonical\" href=\"https:\/\/icultur.gov.co\/Festijazzmompox2024\/noticias\/\" \/>\n<meta property=\"og:locale\" content=\"es_ES\" \/>\n<meta property=\"og:type\" content=\"article\" \/>\n<meta property=\"og:title\" content=\"Noticias - Festijazz mompox\" \/>\n<meta property=\"og:description\" content=\"Noticias\" \/>\n<meta property=\"og:url\" content=\"https:\/\/icultur.gov.co\/Festijazzmompox2024\/noticias\/\" \/>\n<meta property=\"og:site_name\" content=\"Festijazz mompox\" \/>\n<meta property=\"article:modified_time\" content=\"2024-09-08T01:36:15+00:00\" \/>\n<meta property=\"og:image\" content=\"https:\/\/icultur.gov.co\/Festijazzmompox2024\/wp-content\/uploads\/2024\/09\/Patrocinador-8.png\" \/>\n<meta name=\"twitter:card\" content=\"summary_large_image\" \/>\n<script type=\"application\/ld+json\" class=\"yoast-schema-graph\">{\"@context\":\"https:\/\/schema.org\",\"@graph\":[{\"@type\":\"WebPage\",\"@id\":\"https:\/\/icultur.gov.co\/Festijazzmompox2024\/noticias\/\",\"url\":\"https:\/\/icultur.gov.co\/Festijazzmompox2024\/noticias\/\",\"name\":\"Noticias - Festijazz mompox\",\"isPartOf\":{\"@id\":\"https:\/\/icultur.gov.co\/Festijazzmompox2024\/#website\"},\"primaryImageOfPage\":{\"@id\":\"https:\/\/icultur.gov.co\/Festijazzmompox2024\/noticias\/#primaryimage\"},\"image\":{\"@id\":\"https:\/\/icultur.gov.co\/Festijazzmompox2024\/noticias\/#primaryimage\"},\"thumbnailUrl\":\"https:\/\/icultur.gov.co\/Festijazzmompox2024\/wp-content\/uploads\/2024\/09\/Patrocinador-8.png\",\"datePublished\":\"2024-08-27T06:46:23+00:00\",\"dateModified\":\"2024-09-08T01:36:15+00:00\",\"breadcrumb\":{\"@id\":\"https:\/\/icultur.gov.co\/Festijazzmompox2024\/noticias\/#breadcrumb\"},\"inLanguage\":\"es\",\"potentialAction\":[{\"@type\":\"ReadAction\",\"target\":[\"https:\/\/icultur.gov.co\/Festijazzmompox2024\/noticias\/\"]}]},{\"@type\":\"ImageObject\",\"inLanguage\":\"es\",\"@id\":\"https:\/\/icultur.gov.co\/Festijazzmompox2024\/noticias\/#primaryimage\",\"url\":\"https:\/\/icultur.gov.co\/Festijazzmompox2024\/wp-content\/uploads\/2024\/09\/Patrocinador-8.png\",\"contentUrl\":\"https:\/\/icultur.gov.co\/Festijazzmompox2024\/wp-content\/uploads\/2024\/09\/Patrocinador-8.png\",\"width\":820,\"height\":280},{\"@type\":\"BreadcrumbList\",\"@id\":\"https:\/\/icultur.gov.co\/Festijazzmompox2024\/noticias\/#breadcrumb\",\"itemListElement\":[{\"@type\":\"ListItem\",\"position\":1,\"name\":\"Portada\",\"item\":\"https:\/\/icultur.gov.co\/Festijazzmompox2024\/\"},{\"@type\":\"ListItem\",\"position\":2,\"name\":\"Noticias\"}]},{\"@type\":\"WebSite\",\"@id\":\"https:\/\/icultur.gov.co\/Festijazzmompox2024\/#website\",\"url\":\"https:\/\/icultur.gov.co\/Festijazzmompox2024\/\",\"name\":\"Festijazz mompox\",\"description\":\"El festival de Jazz se desarrolla en el mismo escenario incomparable de Mompox, con una ciudad que parece haberse detenido en el tiempo. Con sus calles empedradas y casas de colores, Mompox se enorgullece de ser declarado Patrimonio de la humanidad por la UNESCO debido a su arquitectura colonial conservada desde la \u00e9poca de la conquista espa\u00f1ola.\",\"publisher\":{\"@id\":\"https:\/\/icultur.gov.co\/Festijazzmompox2024\/#organization\"},\"potentialAction\":[{\"@type\":\"SearchAction\",\"target\":{\"@type\":\"EntryPoint\",\"urlTemplate\":\"https:\/\/icultur.gov.co\/Festijazzmompox2024\/?s={search_term_string}\"},\"query-input\":{\"@type\":\"PropertyValueSpecification\",\"valueRequired\":true,\"valueName\":\"search_term_string\"}}],\"inLanguage\":\"es\"},{\"@type\":\"Organization\",\"@id\":\"https:\/\/icultur.gov.co\/Festijazzmompox2024\/#organization\",\"name\":\"Festijazz mompox\",\"url\":\"https:\/\/icultur.gov.co\/Festijazzmompox2024\/\",\"logo\":{\"@type\":\"ImageObject\",\"inLanguage\":\"es\",\"@id\":\"https:\/\/icultur.gov.co\/Festijazzmompox2024\/#\/schema\/logo\/image\/\",\"url\":\"https:\/\/icultur.gov.co\/Festijazzmompox2024\/wp-content\/uploads\/2024\/09\/FestiJAZZ_AFICHE_oficial_01.jpg\",\"contentUrl\":\"https:\/\/icultur.gov.co\/Festijazzmompox2024\/wp-content\/uploads\/2024\/09\/FestiJAZZ_AFICHE_oficial_01.jpg\",\"width\":1080,\"height\":1350,\"caption\":\"Festijazz mompox\"},\"image\":{\"@id\":\"https:\/\/icultur.gov.co\/Festijazzmompox2024\/#\/schema\/logo\/image\/\"}}]}<\/script>\n<!-- \/ Yoast SEO plugin. -->","yoast_head_json":{"title":"Noticias - Festijazz mompox","robots":{"index":"index","follow":"follow","max-snippet":"max-snippet:-1","max-image-preview":"max-image-preview:large","max-video-preview":"max-video-preview:-1"},"canonical":"https:\/\/icultur.gov.co\/Festijazzmompox2024\/noticias\/","og_locale":"es_ES","og_type":"article","og_title":"Noticias - Festijazz mompox","og_description":"Noticias","og_url":"https:\/\/icultur.gov.co\/Festijazzmompox2024\/noticias\/","og_site_name":"Festijazz mompox","article_modified_time":"2024-09-08T01:36:15+00:00","og_image":[{"url":"https:\/\/icultur.gov.co\/Festijazzmompox2024\/wp-content\/uploads\/2024\/09\/Patrocinador-8.png"}],"twitter_card":"summary_large_image","schema":{"@context":"https:\/\/schema.org","@graph":[{"@type":"WebPage","@id":"https:\/\/icultur.gov.co\/Festijazzmompox2024\/noticias\/","url":"https:\/\/icultur.gov.co\/Festijazzmompox2024\/noticias\/","name":"Noticias - Festijazz mompox","isPartOf":{"@id":"https:\/\/icultur.gov.co\/Festijazzmompox2024\/#website"},"primaryImageOfPage":{"@id":"https:\/\/icultur.gov.co\/Festijazzmompox2024\/noticias\/#primaryimage"},"image":{"@id":"https:\/\/icultur.gov.co\/Festijazzmompox2024\/noticias\/#primaryimage"},"thumbnailUrl":"https:\/\/icultur.gov.co\/Festijazzmompox2024\/wp-content\/uploads\/2024\/09\/Patrocinador-8.png","datePublished":"2024-08-27T06:46:23+00:00","dateModified":"2024-09-08T01:36:15+00:00","breadcrumb":{"@id":"https:\/\/icultur.gov.co\/Festijazzmompox2024\/noticias\/#breadcrumb"},"inLanguage":"es","potentialAction":[{"@type":"ReadAction","target":["https:\/\/icultur.gov.co\/Festijazzmompox2024\/noticias\/"]}]},{"@type":"ImageObject","inLanguage":"es","@id":"https:\/\/icultur.gov.co\/Festijazzmompox2024\/noticias\/#primaryimage","url":"https:\/\/icultur.gov.co\/Festijazzmompox2024\/wp-content\/uploads\/2024\/09\/Patrocinador-8.png","contentUrl":"https:\/\/icultur.gov.co\/Festijazzmompox2024\/wp-content\/uploads\/2024\/09\/Patrocinador-8.png","width":820,"height":280},{"@type":"BreadcrumbList","@id":"https:\/\/icultur.gov.co\/Festijazzmompox2024\/noticias\/#breadcrumb","itemListElement":[{"@type":"ListItem","position":1,"name":"Portada","item":"https:\/\/icultur.gov.co\/Festijazzmompox2024\/"},{"@type":"ListItem","position":2,"name":"Noticias"}]},{"@type":"WebSite","@id":"https:\/\/icultur.gov.co\/Festijazzmompox2024\/#website","url":"https:\/\/icultur.gov.co\/Festijazzmompox2024\/","name":"Festijazz mompox","description":"El festival de Jazz se desarrolla en el mismo escenario incomparable de Mompox, con una ciudad que parece haberse detenido en el tiempo. Con sus calles empedradas y casas de colores, Mompox se enorgullece de ser declarado Patrimonio de la humanidad por la UNESCO debido a su arquitectura colonial conservada desde la \u00e9poca de la conquista espa\u00f1ola.","publisher":{"@id":"https:\/\/icultur.gov.co\/Festijazzmompox2024\/#organization"},"potentialAction":[{"@type":"SearchAction","target":{"@type":"EntryPoint","urlTemplate":"https:\/\/icultur.gov.co\/Festijazzmompox2024\/?s={search_term_string}"},"query-input":{"@type":"PropertyValueSpecification","valueRequired":true,"valueName":"search_term_string"}}],"inLanguage":"es"},{"@type":"Organization","@id":"https:\/\/icultur.gov.co\/Festijazzmompox2024\/#organization","name":"Festijazz mompox","url":"https:\/\/icultur.gov.co\/Festijazzmompox2024\/","logo":{"@type":"ImageObject","inLanguage":"es","@id":"https:\/\/icultur.gov.co\/Festijazzmompox2024\/#\/schema\/logo\/image\/","url":"https:\/\/icultur.gov.co\/Festijazzmompox2024\/wp-content\/uploads\/2024\/09\/FestiJAZZ_AFICHE_oficial_01.jpg","contentUrl":"https:\/\/icultur.gov.co\/Festijazzmompox2024\/wp-content\/uploads\/2024\/09\/FestiJAZZ_AFICHE_oficial_01.jpg","width":1080,"height":1350,"caption":"Festijazz mompox"},"image":{"@id":"https:\/\/icultur.gov.co\/Festijazzmompox2024\/#\/schema\/logo\/image\/"}}]}},"_links":{"self":[{"href":"https:\/\/icultur.gov.co\/Festijazzmompox2024\/wp-json\/wp\/v2\/pages\/150","targetHints":{"allow":["GET"]}}],"collection":[{"href":"https:\/\/icultur.gov.co\/Festijazzmompox2024\/wp-json\/wp\/v2\/pages"}],"about":[{"href":"https:\/\/icultur.gov.co\/Festijazzmompox2024\/wp-json\/wp\/v2\/types\/page"}],"author":[{"embeddable":true,"href":"https:\/\/icultur.gov.co\/Festijazzmompox2024\/wp-json\/wp\/v2\/users\/1"}],"replies":[{"embeddable":true,"href":"https:\/\/icultur.gov.co\/Festijazzmompox2024\/wp-json\/wp\/v2\/comments?post=150"}],"version-history":[{"count":148,"href":"https:\/\/icultur.gov.co\/Festijazzmompox2024\/wp-json\/wp\/v2\/pages\/150\/revisions"}],"predecessor-version":[{"id":1451,"href":"https:\/\/icultur.gov.co\/Festijazzmompox2024\/wp-json\/wp\/v2\/pages\/150\/revisions\/1451"}],"wp:attachment":[{"href":"https:\/\/icultur.gov.co\/Festijazzmompox2024\/wp-json\/wp\/v2\/media?parent=150"}],"curies":[{"name":"wp","href":"https:\/\/api.w.org\/{rel}","templated":true}]}}